{"id":179,"date":"2022-07-25T10:51:17","date_gmt":"2022-07-25T08:51:17","guid":{"rendered":"http:\/\/www.mperezavocat.fr\/?page_id=179"},"modified":"2022-09-24T17:08:35","modified_gmt":"2022-09-24T15:08:35","slug":"honoraires","status":"publish","type":"page","link":"https:\/\/www.mperezavocat.fr\/index.php\/honoraires\/","title":{"rendered":"Honoraires"},"content":{"rendered":"\n<div style=\"height:16px\" aria-hidden=\"true\" class=\"wp-block-spacer\"><\/div>\n\n\n\n<div class=\"wp-block-columns is-layout-flex wp-container-core-columns-is-layout-8f761849 wp-block-columns-is-layout-flex\">\n<div class=\"wp-block-column is-layout-flow wp-block-column-is-layout-flow\" style=\"flex-basis:200px\"><div class=\"wp-block-image\">\n<figure class=\"aligncenter size-full is-resized\"><img decoding=\"async\" src=\"https:\/\/www.mperezavocat.fr\/wp-content\/uploads\/2022\/08\/Euro-clock.png\" alt=\"consultation individuelle\nHonoraires des formations. Avocats95\" class=\"wp-image-650\" width=\"108\" height=\"108\" srcset=\"https:\/\/www.mperezavocat.fr\/wp-content\/uploads\/2022\/08\/Euro-clock.png 284w, https:\/\/www.mperezavocat.fr\/wp-content\/uploads\/2022\/08\/Euro-clock-150x150.png 150w, https:\/\/www.mperezavocat.fr\/wp-content\/uploads\/2022\/08\/Euro-clock-80x80.png 80w\" sizes=\"(max-width: 108px) 100vw, 108px\" \/><\/figure>\n<\/div><\/div>\n\n\n\n<div class=\"wp-block-column is-vertically-aligned-center has-text-color is-layout-flow wp-block-column-is-layout-flow\" style=\"color:#5b5b5b\">\n<h2 class=\"has-text-align-left wp-block-heading\">Vous nous consultez pour une affaire individuelle ?<\/h2>\n<\/div>\n<\/div>\n\n\n\n<h2 class=\"has-text-align-center has-text-color wp-block-heading\" style=\"color:#5b5b5b\">Parce que votre dossier est essentiel, le premier rendez-vous l&rsquo;est aussi.<\/h2>\n\n\n\n<p class=\"has-text-align-center has-text-color wp-block-paragraph\" style=\"color:#5b5b5b;font-size:20px\"><strong>Il dure environ 1h30 en pr\u00e9sentiel et co\u00fbte 250 euros HT soit 300 euros TTC.<\/strong><\/p>\n\n\n\n<div class=\"wp-block-columns is-layout-flex wp-container-core-columns-is-layout-8f761849 wp-block-columns-is-layout-flex\">\n<div class=\"wp-block-column has-background is-layout-flow wp-block-column-is-layout-flow\" style=\"background-color:#110026;flex-basis:250px\">\n<p class=\"has-text-align-center has-text-color wp-block-paragraph\" style=\"color:#cca776;font-size:20px\"><strong><strong><strong>Pour comprendre votre probl\u00e9matique<\/strong><\/strong><\/strong><\/p>\n<\/div>\n\n\n\n<div class=\"wp-block-column has-background is-layout-flow wp-block-column-is-layout-flow\" style=\"background-color:#110026;flex-basis:250px\">\n<p class=\"has-text-align-center has-text-color wp-block-paragraph\" style=\"color:#cca776;font-size:20px\"><strong><strong><strong><strong>Pour identifier les points forts et les points faibles du dossier<\/strong><\/strong><\/strong><\/strong><\/p>\n<\/div>\n\n\n\n<div class=\"wp-block-column has-background is-layout-flow wp-block-column-is-layout-flow\" style=\"background-color:#110026;flex-basis:250px\">\n<p class=\"has-text-align-center has-text-color wp-block-paragraph\" style=\"color:#cca776;font-size:20px\"><strong><strong><strong><strong><strong>Pour convenir d&rsquo;un mode de fonctionnement (RDV pr\u00e9sentiel ou visioconf\u00e9rence)<\/strong><\/strong><\/strong><\/strong><\/strong><\/p>\n<\/div>\n\n\n\n<div class=\"wp-block-column has-background is-layout-flow wp-block-column-is-layout-flow\" style=\"background-color:#110026;flex-basis:250px\">\n<p class=\"has-text-align-center has-text-color wp-block-paragraph\" style=\"color:#cca776;font-size:20px\"><strong>Pour instaurer une relation de confiance<\/strong><\/p>\n<\/div>\n<\/div>\n\n\n\n<p class=\"has-text-align-left has-text-color wp-block-paragraph\" style=\"color:#5b5b5b;font-size:20px\"><br>Apr\u00e8s le 1<sup>er<\/sup> RDV, une convention d\u2019honoraires est sign\u00e9e et comprend la mission, la totalit\u00e9 des prestations et le tarif.<br><br>Une tarification au forfait est privil\u00e9gi\u00e9e pour bien fixer les limites des engagements financiers et se consacrer \u00e0 l\u2019essentiel&nbsp;: <strong>la d\u00e9fense de vos int\u00e9r\u00eats<\/strong>.<br><br>Elle comprend un montant fixe et une prime de r\u00e9sultats de 10%.<br><br>Le montant fixe est d\u00e9termin\u00e9 en fonction de la complexit\u00e9 du dossier.<br><br>Quand la tarification au forfait est inappropri\u00e9e, il est convenu d\u2019une tarification au temps pass\u00e9.<br>Le tarif horaire est de 300 euros HT soit 360 euros TTC compte-tenu de l\u2019exp\u00e9rience des membres du cabinet.<br>Apr\u00e8s le 1er rendez-vous, les suivants sont assur\u00e9s en pr\u00e9sentiel ou en visioconf\u00e9rence.<\/p>\n\n\n\n<div class=\"wp-block-qubely-divider qubely-block-a69d52\"><div class=\"qubely-block-divider \"><svg xmlns=\"http:\/\/www.w3.org\/2000\/svg\" viewBox=\"0 0 240 40\" preserveAspectRatio=\"none\"><path d=\"M171.7 21.4c-4.4-.1-8.9-.1-13.3-.2l-13.3-.1-13-.1-2.3-2.8-.5-.6-.5.6-1.9 2.3-1.9-2.3-.5-.6-.5.6-1.9 2.3-1.8-2.3-.5-.6-.5.6-1.8 2.3-1.9-2.3-.5-.6-.5.6-1.9 2.3-1.9-2.3-.5-.6-.5.6-2.3 2.8-13 .1-13.3.1c-4.4 0-8.9.1-13.3.2s-8.9.1-13.3.2c4.4.1 8.9.2 13.3.2 4.4.1 8.9.1 13.3.2l13.3.1 13.3.1h.3l.2-.2 2-2.4 1.9 2.3.5.6.5-.6 1.9-2.3 1.9 2.3.5.6.5-.6 1.9-2.3 1.9 2.3.5.6.5-.6 1.9-2.3 1.9 2.3.5.6.5-.6 1.9-2.3 2 2.4.2.2h.3l13.3-.1 13.3-.1c4.4 0 8.9-.1 13.3-.2s8.9-.1 13.3-.2c-4.6-.1-9.1-.2-13.5-.2z\"><\/path><\/svg><\/div><\/div>\n\n\n\n<div class=\"wp-block-columns is-layout-flex wp-container-core-columns-is-layout-8f761849 wp-block-columns-is-layout-flex\">\n<div class=\"wp-block-column is-layout-flow wp-block-column-is-layout-flow\" style=\"flex-basis:200px\"><div class=\"wp-block-image\">\n<figure class=\"aligncenter size-full is-resized\"><img decoding=\"async\" src=\"https:\/\/www.mperezavocat.fr\/wp-content\/uploads\/2022\/08\/euro-bank.png\" alt=\"Droit immobilier\nHonoraires des formations. Avocats95\" class=\"wp-image-649\" width=\"108\" height=\"108\" srcset=\"https:\/\/www.mperezavocat.fr\/wp-content\/uploads\/2022\/08\/euro-bank.png 351w, https:\/\/www.mperezavocat.fr\/wp-content\/uploads\/2022\/08\/euro-bank-300x301.png 300w, https:\/\/www.mperezavocat.fr\/wp-content\/uploads\/2022\/08\/euro-bank-150x150.png 150w, https:\/\/www.mperezavocat.fr\/wp-content\/uploads\/2022\/08\/euro-bank-80x80.png 80w\" sizes=\"(max-width: 108px) 100vw, 108px\" \/><\/figure>\n<\/div><\/div>\n\n\n\n<div class=\"wp-block-column is-vertically-aligned-center has-text-color is-layout-flow wp-block-column-is-layout-flow\" style=\"color:#5b5b5b\">\n<h2 class=\"has-text-align-center wp-block-heading\">Pour les entreprises qui ont besoin d&rsquo;un accompagnement juridique r\u00e9current<\/h2>\n<\/div>\n<\/div>\n\n\n\n<div style=\"height:5px\" aria-hidden=\"true\" class=\"wp-block-spacer\"><\/div>\n\n\n\n<div class=\"wp-block-columns is-layout-flex wp-container-core-columns-is-layout-8f761849 wp-block-columns-is-layout-flex\">\n<div class=\"wp-block-column has-background is-layout-flow wp-block-column-is-layout-flow\" style=\"background-color:#110026;flex-basis:190px\">\n<p class=\"has-text-align-center has-text-color wp-block-paragraph\" style=\"color:#cca776;font-size:25px\"><strong><strong>Il est propos\u00e9 une convention annuelle forfaitaire.<\/strong><\/strong><\/p>\n<\/div>\n\n\n\n<div class=\"wp-block-column has-background is-layout-flow wp-block-column-is-layout-flow\" style=\"background-color:#110026;flex-basis:230px\">\n<p class=\"has-text-align-center has-text-color wp-block-paragraph\" style=\"color:#cca776;font-size:25px\"><strong><strong><strong>Un nombre d&rsquo;heures d&rsquo;intervention est fix\u00e9 d&rsquo;un commun accord<\/strong><\/strong>.<\/strong><\/p>\n<\/div>\n\n\n\n<div class=\"wp-block-column has-background is-layout-flow wp-block-column-is-layout-flow\" style=\"background-color:#110026;flex-basis:530px\">\n<p class=\"has-text-align-center has-text-color wp-block-paragraph\" style=\"color:#cca776;font-size:25px\"><strong><strong><strong><strong>Le cabinet r\u00e9pond \u00e0 toutes les questions et assure toutes les prestations dans la limite du temps convenu que ce soit dans le cadre de conseil ou de contentieux<\/strong>.<\/strong><\/strong><\/strong><\/p>\n<\/div>\n<\/div>\n\n\n\n<h2 class=\"has-text-color wp-block-heading\" style=\"color:#5b5b5b\">Voici quelques exemples de questions qui nous sont r\u00e9guli\u00e8rement pos\u00e9es par des responsables d&rsquo;entreprises.<\/h2>\n\n\n\n<div style=\"height:10px\" aria-hidden=\"true\" class=\"wp-block-spacer\"><\/div>\n\n\n\n<div class=\"wp-block-qubely-iconlist qubely-block-d3c7fa has-mobile-text-align-center\"><div class=\"qubely-block-icon-list \"><ul class=\"qubely-list\"><li class=\"qubely-list-li\"><span class=\"qubely-list-item-icon fas fa-arrow-circle-right fa-fw\"><\/span><span>Mon salari\u00e9 ne se pr\u00e9sente pas \u00e0 son poste. Que puis-je faire ? <\/span><\/li><li class=\"qubely-list-li\"><span class=\"qubely-list-item-icon fas fa-arrow-alt-circle-right fa-fw\"><\/span><span>Je suis convoqu\u00e9 devant le conseil des prudhommes. Pouvez-vous me d\u00e9fendre ?\u00a0<\/span><\/li><li class=\"qubely-list-li\"><span class=\"qubely-list-item-icon fas fa-arrow-alt-circle-right fa-fw\"><\/span><span>Mon client ne me paye pas. Quels sont mes recours ?<\/span><\/li><li class=\"qubely-list-li\"><span class=\"qubely-list-item-icon fas fa-arrow-alt-circle-right fa-fw\"><\/span><span>Je dois convoquer un(e)\n\u00a0salari\u00e9(e)\n\u00a0pour un entretien disciplinaire. Comment je r\u00e9dige mon courrier ?<\/span><\/li><li class=\"qubely-list-li\"><span class=\"qubely-list-item-icon fas fa-arrow-alt-circle-right fa-fw\"><\/span><span>Je dois organiser des \u00e9lections professionnelles. Comment cela s&rsquo;organise ?<\/span><\/li><li class=\"qubely-list-li\"><span class=\"qubely-list-item-icon fas fa-arrow-alt-circle-right fa-fw\"><\/span><span>Mon entreprise grandit, j&rsquo;ai besoin de rester \u00e0 jour. Pouvez-vous m&rsquo;informer des nouvelles dispositions qui me concernent et me faire \u00a0une veille juridique ?<\/span><\/li><\/ul><\/div><\/div>\n\n\n\n<div style=\"height:20px\" aria-hidden=\"true\" class=\"wp-block-spacer\"><\/div>\n\n\n\n<h2 class=\"has-text-align-center has-text-color wp-block-heading\" style=\"color:#5b5b5b;font-size:33px\">Vous avez les questions, nous avons les r\u00e9ponses !<\/h2>\n\n\n\n<div style=\"height:5px\" aria-hidden=\"true\" class=\"wp-block-spacer\"><\/div>\n\n\n\n<div class=\"wp-block-columns is-layout-flex wp-container-core-columns-is-layout-8f761849 wp-block-columns-is-layout-flex\">\n<div class=\"wp-block-column is-layout-flow wp-block-column-is-layout-flow\">\n<p class=\"has-text-align-center has-text-color wp-block-paragraph\" style=\"color:#5b5b5b;font-size:25px\"><strong>Le tarif de notre intervention est d\u00e9j\u00e0 inclus dans la convention.<\/strong><br><strong>Elle dure 1 an et est renouvelable<\/strong>.<\/p>\n<\/div>\n\n\n\n<div class=\"wp-block-column is-layout-flow wp-block-column-is-layout-flow\">\n<p class=\"has-text-align-center has-text-color wp-block-paragraph\" style=\"color:#5b5b5b;font-size:25px\"><strong><span style=\"text-decoration: underline;\" class=\"ek-underline\"><strong>Aucune ch<\/strong>arge sociale<\/span> n&rsquo;est applicable mais il s&rsquo;agit d&rsquo;une charge d\u00e9ductible comptablement.<\/strong><\/p>\n<\/div>\n<\/div>\n\n\n\n<div style=\"height:5px\" aria-hidden=\"true\" class=\"wp-block-spacer\"><\/div>\n\n\n\n<div class=\"wp-block-qubely-button qubely-block-b869be\"><div class=\"qubely-block-btn-wrapper \"><div class=\"qubely-block-btn\"><a class=\"qubely-block-btn-anchor is-large\" href=\"https:\/\/www.mperezavocat.fr\/index.php\/contact\/\"><strong>Je prends contact<\/strong><i class=\"qubely-btn-icon fas fa-phone\"><\/i><\/a><\/div><\/div><\/div>\n\n\n\n<div class=\"wp-block-qubely-divider qubely-block-226f6a\"><div class=\"qubely-block-divider \"><svg xmlns=\"http:\/\/www.w3.org\/2000\/svg\" viewBox=\"0 0 240 40\" preserveAspectRatio=\"none\"><path d=\"M171.7 21.4c-4.4-.1-8.9-.1-13.3-.2l-13.3-.1-13-.1-2.3-2.8-.5-.6-.5.6-1.9 2.3-1.9-2.3-.5-.6-.5.6-1.9 2.3-1.8-2.3-.5-.6-.5.6-1.8 2.3-1.9-2.3-.5-.6-.5.6-1.9 2.3-1.9-2.3-.5-.6-.5.6-2.3 2.8-13 .1-13.3.1c-4.4 0-8.9.1-13.3.2s-8.9.1-13.3.2c4.4.1 8.9.2 13.3.2 4.4.1 8.9.1 13.3.2l13.3.1 13.3.1h.3l.2-.2 2-2.4 1.9 2.3.5.6.5-.6 1.9-2.3 1.9 2.3.5.6.5-.6 1.9-2.3 1.9 2.3.5.6.5-.6 1.9-2.3 1.9 2.3.5.6.5-.6 1.9-2.3 2 2.4.2.2h.3l13.3-.1 13.3-.1c4.4 0 8.9-.1 13.3-.2s8.9-.1 13.3-.2c-4.6-.1-9.1-.2-13.5-.2z\"><\/path><\/svg><\/div><\/div>\n\n\n\n<div class=\"wp-block-columns is-layout-flex wp-container-core-columns-is-layout-8f761849 wp-block-columns-is-layout-flex\">\n<div class=\"wp-block-column is-layout-flow wp-block-column-is-layout-flow\" style=\"flex-basis:200px\"><div class=\"wp-block-image\">\n<figure class=\"aligncenter size-full is-resized\"><img decoding=\"async\" src=\"https:\/\/www.mperezavocat.fr\/wp-content\/uploads\/2022\/08\/Formation-CSE-doree.png\" alt=\"Accompagnement de CSE\nHonoraires des formations. Avocats95\" class=\"wp-image-777\" width=\"108\" height=\"108\" srcset=\"https:\/\/www.mperezavocat.fr\/wp-content\/uploads\/2022\/08\/Formation-CSE-doree.png 700w, https:\/\/www.mperezavocat.fr\/wp-content\/uploads\/2022\/08\/Formation-CSE-doree-300x300.png 300w, https:\/\/www.mperezavocat.fr\/wp-content\/uploads\/2022\/08\/Formation-CSE-doree-150x150.png 150w, https:\/\/www.mperezavocat.fr\/wp-content\/uploads\/2022\/08\/Formation-CSE-doree-525x525.png 525w, https:\/\/www.mperezavocat.fr\/wp-content\/uploads\/2022\/08\/Formation-CSE-doree-360x360.png 360w, https:\/\/www.mperezavocat.fr\/wp-content\/uploads\/2022\/08\/Formation-CSE-doree-373x373.png 373w, https:\/\/www.mperezavocat.fr\/wp-content\/uploads\/2022\/08\/Formation-CSE-doree-80x80.png 80w, https:\/\/www.mperezavocat.fr\/wp-content\/uploads\/2022\/08\/Formation-CSE-doree-620x620.png 620w, https:\/\/www.mperezavocat.fr\/wp-content\/uploads\/2022\/08\/Formation-CSE-doree-460x460.png 460w, https:\/\/www.mperezavocat.fr\/wp-content\/uploads\/2022\/08\/Formation-CSE-doree-365x365.png 365w\" sizes=\"(max-width: 108px) 100vw, 108px\" \/><\/figure>\n<\/div><\/div>\n\n\n\n<div class=\"wp-block-column is-vertically-aligned-center has-text-color is-layout-flow wp-block-column-is-layout-flow\" style=\"color:#5b5b5b\">\n<h2 class=\"has-text-align-left wp-block-heading\">Pour les accompagnements de CSE<\/h2>\n<\/div>\n<\/div>\n\n\n\n<p class=\"has-text-color wp-block-paragraph\" style=\"color:#cca776;font-size:20px\"><strong>Il est propos\u00e9 une convention annuelle forfaitaire pour r\u00e9pondre \u00e0 toutes les questions d\u2019ordre juridique que ce soit pour la d\u00e9fense des int\u00e9r\u00eats individuels ou des int\u00e9r\u00eats collectifs des salari\u00e9s.<\/strong><\/p>\n\n\n\n<div style=\"height:25px\" aria-hidden=\"true\" class=\"wp-block-spacer\"><\/div>\n","protected":false},"excerpt":{"rendered":"<p class=\"tx-excerpt\">Vous nous consultez pour une affaire individuelle ? Parce que votre dossier est essentiel, le premier rendez-vous l&rsquo;est aussi. Il dure environ 1h30 en pr\u00e9sentiel et co\u00fbte 250 euros HT soit 300 euros TTC. Pour...<\/p>","protected":false},"author":4,"featured_media":0,"parent":0,"menu_order":0,"comment_status":"closed","ping_status":"closed","template":"","meta":{"qubely_global_settings":"","qubely_interactions":"","_editorskit_title_hidden":false,"_editorskit_reading_time":1,"_editorskit_is_block_options_detached":false,"_editorskit_block_options_position":"{}","_crdt_document":"","_uag_custom_page_level_css":"","_monsterinsights_skip_tracking":false,"_monsterinsights_sitenote_active":false,"_monsterinsights_sitenote_note":"","_monsterinsights_sitenote_category":0,"footnotes":""},"class_list":["post-179","page","type-page","status-publish","hentry"],"yoast_head":"<!-- This site is optimized with the Yoast SEO plugin v27.5 - https:\/\/yoast.com\/product\/yoast-seo-wordpress\/ -->\n<title>Honoraires - cabinet Avocats95 Val D&#039;oise<\/title>\n<meta name=\"description\" content=\"Les honoraires varient suivant la nature du dossier et du tribunal devant lequel il est plaid\u00e9. On privil\u00e9gie les conventions de forfait.\" \/>\n<meta name=\"robots\" content=\"index, follow, max-snippet:-1, max-image-preview:large, max-video-preview:-1\" \/>\n<link rel=\"canonical\" href=\"https:\/\/www.mperezavocat.fr\/index.php\/honoraires\/\" \/>\n<meta property=\"og:locale\" content=\"fr_FR\" \/>\n<meta property=\"og:type\" content=\"article\" \/>\n<meta property=\"og:title\" content=\"Honoraires - cabinet Avocats95 Val D&#039;oise\" \/>\n<meta property=\"og:description\" content=\"Les honoraires varient suivant la nature du dossier et du tribunal devant lequel il est plaid\u00e9. On privil\u00e9gie les conventions de forfait.\" \/>\n<meta property=\"og:url\" content=\"https:\/\/www.mperezavocat.fr\/index.php\/honoraires\/\" \/>\n<meta property=\"og:site_name\" content=\"cabinet Avocats95 Val D&#039;oise\" \/>\n<meta property=\"article:modified_time\" content=\"2022-09-24T15:08:35+00:00\" \/>\n<meta property=\"og:image\" content=\"https:\/\/www.mperezavocat.fr\/wp-content\/uploads\/2022\/08\/Euro-clock.png\" \/>\n<meta name=\"twitter:card\" content=\"summary_large_image\" \/>\n<meta name=\"twitter:label1\" content=\"Dur\u00e9e de lecture estim\u00e9e\" \/>\n\t<meta name=\"twitter:data1\" content=\"3 minutes\" \/>\n<script type=\"application\/ld+json\" class=\"yoast-schema-graph\">{\"@context\":\"https:\\\/\\\/schema.org\",\"@graph\":[{\"@type\":\"WebPage\",\"@id\":\"https:\\\/\\\/www.mperezavocat.fr\\\/index.php\\\/honoraires\\\/\",\"url\":\"https:\\\/\\\/www.mperezavocat.fr\\\/index.php\\\/honoraires\\\/\",\"name\":\"Honoraires - cabinet Avocats95 Val D&#039;oise\",\"isPartOf\":{\"@id\":\"https:\\\/\\\/www.mperezavocat.fr\\\/#website\"},\"primaryImageOfPage\":{\"@id\":\"https:\\\/\\\/www.mperezavocat.fr\\\/index.php\\\/honoraires\\\/#primaryimage\"},\"image\":{\"@id\":\"https:\\\/\\\/www.mperezavocat.fr\\\/index.php\\\/honoraires\\\/#primaryimage\"},\"thumbnailUrl\":\"https:\\\/\\\/www.mperezavocat.fr\\\/wp-content\\\/uploads\\\/2022\\\/08\\\/Euro-clock.png\",\"datePublished\":\"2022-07-25T08:51:17+00:00\",\"dateModified\":\"2022-09-24T15:08:35+00:00\",\"description\":\"Les honoraires varient suivant la nature du dossier et du tribunal devant lequel il est plaid\u00e9. On privil\u00e9gie les conventions de forfait.\",\"breadcrumb\":{\"@id\":\"https:\\\/\\\/www.mperezavocat.fr\\\/index.php\\\/honoraires\\\/#breadcrumb\"},\"inLanguage\":\"fr-FR\",\"potentialAction\":[{\"@type\":\"ReadAction\",\"target\":[\"https:\\\/\\\/www.mperezavocat.fr\\\/index.php\\\/honoraires\\\/\"]}]},{\"@type\":\"ImageObject\",\"inLanguage\":\"fr-FR\",\"@id\":\"https:\\\/\\\/www.mperezavocat.fr\\\/index.php\\\/honoraires\\\/#primaryimage\",\"url\":\"https:\\\/\\\/www.mperezavocat.fr\\\/wp-content\\\/uploads\\\/2022\\\/08\\\/Euro-clock.png\",\"contentUrl\":\"https:\\\/\\\/www.mperezavocat.fr\\\/wp-content\\\/uploads\\\/2022\\\/08\\\/Euro-clock.png\",\"width\":284,\"height\":285},{\"@type\":\"BreadcrumbList\",\"@id\":\"https:\\\/\\\/www.mperezavocat.fr\\\/index.php\\\/honoraires\\\/#breadcrumb\",\"itemListElement\":[{\"@type\":\"ListItem\",\"position\":1,\"name\":\"Accueil\",\"item\":\"https:\\\/\\\/www.mperezavocat.fr\\\/\"},{\"@type\":\"ListItem\",\"position\":2,\"name\":\"Honoraires\"}]},{\"@type\":\"WebSite\",\"@id\":\"https:\\\/\\\/www.mperezavocat.fr\\\/#website\",\"url\":\"https:\\\/\\\/www.mperezavocat.fr\\\/\",\"name\":\"cabinet Avocats95 Val D&#039;oise\",\"description\":\"Efficaces et motiv\u00e9s\",\"publisher\":{\"@id\":\"https:\\\/\\\/www.mperezavocat.fr\\\/#organization\"},\"potentialAction\":[{\"@type\":\"SearchAction\",\"target\":{\"@type\":\"EntryPoint\",\"urlTemplate\":\"https:\\\/\\\/www.mperezavocat.fr\\\/?s={search_term_string}\"},\"query-input\":{\"@type\":\"PropertyValueSpecification\",\"valueRequired\":true,\"valueName\":\"search_term_string\"}}],\"inLanguage\":\"fr-FR\"},{\"@type\":\"Organization\",\"@id\":\"https:\\\/\\\/www.mperezavocat.fr\\\/#organization\",\"name\":\"Cabinet PEREZ Michele\",\"url\":\"https:\\\/\\\/www.mperezavocat.fr\\\/\",\"logo\":{\"@type\":\"ImageObject\",\"inLanguage\":\"fr-FR\",\"@id\":\"https:\\\/\\\/www.mperezavocat.fr\\\/#\\\/schema\\\/logo\\\/image\\\/\",\"url\":\"\",\"contentUrl\":\"\",\"caption\":\"Cabinet PEREZ Michele\"},\"image\":{\"@id\":\"https:\\\/\\\/www.mperezavocat.fr\\\/#\\\/schema\\\/logo\\\/image\\\/\"}}]}<\/script>\n<!-- \/ Yoast SEO plugin. -->","yoast_head_json":{"title":"Honoraires - cabinet Avocats95 Val D&#039;oise","description":"Les honoraires varient suivant la nature du dossier et du tribunal devant lequel il est plaid\u00e9. On privil\u00e9gie les conventions de forfait.","robots":{"index":"index","follow":"follow","max-snippet":"max-snippet:-1","max-image-preview":"max-image-preview:large","max-video-preview":"max-video-preview:-1"},"canonical":"https:\/\/www.mperezavocat.fr\/index.php\/honoraires\/","og_locale":"fr_FR","og_type":"article","og_title":"Honoraires - cabinet Avocats95 Val D&#039;oise","og_description":"Les honoraires varient suivant la nature du dossier et du tribunal devant lequel il est plaid\u00e9. On privil\u00e9gie les conventions de forfait.","og_url":"https:\/\/www.mperezavocat.fr\/index.php\/honoraires\/","og_site_name":"cabinet Avocats95 Val D&#039;oise","article_modified_time":"2022-09-24T15:08:35+00:00","og_image":[{"url":"https:\/\/www.mperezavocat.fr\/wp-content\/uploads\/2022\/08\/Euro-clock.png","type":"","width":"","height":""}],"twitter_card":"summary_large_image","twitter_misc":{"Dur\u00e9e de lecture estim\u00e9e":"3 minutes"},"schema":{"@context":"https:\/\/schema.org","@graph":[{"@type":"WebPage","@id":"https:\/\/www.mperezavocat.fr\/index.php\/honoraires\/","url":"https:\/\/www.mperezavocat.fr\/index.php\/honoraires\/","name":"Honoraires - cabinet Avocats95 Val D&#039;oise","isPartOf":{"@id":"https:\/\/www.mperezavocat.fr\/#website"},"primaryImageOfPage":{"@id":"https:\/\/www.mperezavocat.fr\/index.php\/honoraires\/#primaryimage"},"image":{"@id":"https:\/\/www.mperezavocat.fr\/index.php\/honoraires\/#primaryimage"},"thumbnailUrl":"https:\/\/www.mperezavocat.fr\/wp-content\/uploads\/2022\/08\/Euro-clock.png","datePublished":"2022-07-25T08:51:17+00:00","dateModified":"2022-09-24T15:08:35+00:00","description":"Les honoraires varient suivant la nature du dossier et du tribunal devant lequel il est plaid\u00e9. On privil\u00e9gie les conventions de forfait.","breadcrumb":{"@id":"https:\/\/www.mperezavocat.fr\/index.php\/honoraires\/#breadcrumb"},"inLanguage":"fr-FR","potentialAction":[{"@type":"ReadAction","target":["https:\/\/www.mperezavocat.fr\/index.php\/honoraires\/"]}]},{"@type":"ImageObject","inLanguage":"fr-FR","@id":"https:\/\/www.mperezavocat.fr\/index.php\/honoraires\/#primaryimage","url":"https:\/\/www.mperezavocat.fr\/wp-content\/uploads\/2022\/08\/Euro-clock.png","contentUrl":"https:\/\/www.mperezavocat.fr\/wp-content\/uploads\/2022\/08\/Euro-clock.png","width":284,"height":285},{"@type":"BreadcrumbList","@id":"https:\/\/www.mperezavocat.fr\/index.php\/honoraires\/#breadcrumb","itemListElement":[{"@type":"ListItem","position":1,"name":"Accueil","item":"https:\/\/www.mperezavocat.fr\/"},{"@type":"ListItem","position":2,"name":"Honoraires"}]},{"@type":"WebSite","@id":"https:\/\/www.mperezavocat.fr\/#website","url":"https:\/\/www.mperezavocat.fr\/","name":"cabinet Avocats95 Val D&#039;oise","description":"Efficaces et motiv\u00e9s","publisher":{"@id":"https:\/\/www.mperezavocat.fr\/#organization"},"potentialAction":[{"@type":"SearchAction","target":{"@type":"EntryPoint","urlTemplate":"https:\/\/www.mperezavocat.fr\/?s={search_term_string}"},"query-input":{"@type":"PropertyValueSpecification","valueRequired":true,"valueName":"search_term_string"}}],"inLanguage":"fr-FR"},{"@type":"Organization","@id":"https:\/\/www.mperezavocat.fr\/#organization","name":"Cabinet PEREZ Michele","url":"https:\/\/www.mperezavocat.fr\/","logo":{"@type":"ImageObject","inLanguage":"fr-FR","@id":"https:\/\/www.mperezavocat.fr\/#\/schema\/logo\/image\/","url":"","contentUrl":"","caption":"Cabinet PEREZ Michele"},"image":{"@id":"https:\/\/www.mperezavocat.fr\/#\/schema\/logo\/image\/"}}]}},"uagb_featured_image_src":{"full":false,"thumbnail":false,"medium":false,"medium_large":false,"large":false,"1536x1536":false,"2048x2048":false,"qubely_landscape":false,"qubely_portrait":false,"qubely_thumbnail":false,"tx-1920x600-thumb":false,"tx-xl-thumb":false,"tx-l-thumb":false,"tx-ts-thumb":false,"tx-t-thumb":false,"tx-tf-thumb":false,"tx-m-thumb":false,"tx-alter-thumb":false,"tx-team-alter-thumb":false,"tx-serv-thumb":false,"tx-serv-overlay-thumb":false,"tx-c-thumb":false,"tx-port-grid-h-thumb":false,"tx-port-grid-v-thumb":false,"tx-timeline-thumb":false,"tx-lp-thumb":false,"tx-ms-size":false,"tx-r-thumb":false,"tx-s-thumb":false,"tx-pe-thumb":false,"tx-admin-post-thumb":false,"tx-bc-thumb":false,"tx-gall-grid-cols-3":false,"tx-masonry-cols-3":false,"tx-masonry-cols-4":false,"tx-masonry-cols-5":false,"tx-masonry-cols-6":false},"uagb_author_info":{"display_name":"Hubert Descamps","author_link":"https:\/\/www.mperezavocat.fr\/index.php\/author\/hubert\/"},"uagb_comment_info":0,"uagb_excerpt":"Vous nous consultez pour une affaire individuelle ? Parce que votre dossier est essentiel, le premier rendez-vous l&rsquo;est aussi. Il dure environ 1h30 en pr\u00e9sentiel et co\u00fbte 250 euros HT soit 300 euros TTC. Pour comprendre votre probl\u00e9matique Pour identifier les points forts et les points faibles du dossier Pour convenir d&rsquo;un mode de fonctionnement\u2026","_links":{"self":[{"href":"https:\/\/www.mperezavocat.fr\/index.php\/wp-json\/wp\/v2\/pages\/179","targetHints":{"allow":["GET"]}}],"collection":[{"href":"https:\/\/www.mperezavocat.fr\/index.php\/wp-json\/wp\/v2\/pages"}],"about":[{"href":"https:\/\/www.mperezavocat.fr\/index.php\/wp-json\/wp\/v2\/types\/page"}],"author":[{"embeddable":true,"href":"https:\/\/www.mperezavocat.fr\/index.php\/wp-json\/wp\/v2\/users\/4"}],"replies":[{"embeddable":true,"href":"https:\/\/www.mperezavocat.fr\/index.php\/wp-json\/wp\/v2\/comments?post=179"}],"version-history":[{"count":102,"href":"https:\/\/www.mperezavocat.fr\/index.php\/wp-json\/wp\/v2\/pages\/179\/revisions"}],"predecessor-version":[{"id":1730,"href":"https:\/\/www.mperezavocat.fr\/index.php\/wp-json\/wp\/v2\/pages\/179\/revisions\/1730"}],"wp:attachment":[{"href":"https:\/\/www.mperezavocat.fr\/index.php\/wp-json\/wp\/v2\/media?parent=179"}],"curies":[{"name":"wp","href":"https:\/\/api.w.org\/{rel}","templated":true}]}}